{"id":309,"date":"2020-01-13T11:17:52","date_gmt":"2020-01-13T11:17:52","guid":{"rendered":"https:\/\/demosites.io\/web-agency-gb\/?page_id=5"},"modified":"2026-04-07T08:15:10","modified_gmt":"2026-04-07T08:15:10","slug":"15c42-web-agency-gb-home","status":"publish","type":"page","link":"https:\/\/parroquiasaneloy.archimadrid.es\/","title":{"rendered":"Home"},"content":{"rendered":"\n<div class=\"wp-block-cover alignfull is-light wp-duotone-unset-1\"><img loading=\"lazy\" decoding=\"async\" width=\"1179\" height=\"585\" class=\"wp-block-cover__image-background wp-image-469 size-full\" alt=\"\" src=\"https:\/\/parroquiasaneloy.archimadrid.es\/wp-content\/uploads\/2025\/08\/interior_parroquia1-1.jpeg\" style=\"object-position:51% 25%\" data-object-fit=\"cover\" data-object-position=\"51% 25%\" srcset=\"https:\/\/parroquiasaneloy.archimadrid.es\/wp-content\/uploads\/2025\/08\/interior_parroquia1-1.jpeg 1179w, https:\/\/parroquiasaneloy.archimadrid.es\/wp-content\/uploads\/2025\/08\/interior_parroquia1-1-300x149.jpeg 300w, https:\/\/parroquiasaneloy.archimadrid.es\/wp-content\/uploads\/2025\/08\/interior_parroquia1-1-1024x508.jpeg 1024w, https:\/\/parroquiasaneloy.archimadrid.es\/wp-content\/uploads\/2025\/08\/interior_parroquia1-1-768x381.jpeg 768w\" sizes=\"auto, (max-width: 1179px) 100vw, 1179px\" \/><span aria-hidden=\"true\" class=\"wp-block-cover__background has-background-dim-10 has-background-dim\" style=\"background-color:#aaa39c\"><\/span><div class=\"wp-block-cover__inner-container is-layout-flow wp-block-cover-is-layout-flow\">\n<p class=\"has-text-align-center has-nv-c-1-color has-text-color has-link-color wp-elements-ff27a990a0a2520235888e8331753a8d\" style=\"font-size:35px\"><strong>PARROQUIA DE SAN ELOY<\/strong><\/p>\n\n\n\n<p><\/p>\n<\/div><\/div>\n\n\n\n<p><\/p>\n\n\n\n<p class=\"has-text-align-center has-nv-dark-bg-color has-text-color has-link-color wp-elements-1ca6ded88364c6aeae50f450a63d36f4\"><strong>FORTALECIENDO NUESTRA COMUNIDAD EN FE<\/strong><\/p>\n\n\n\n<div class=\"wp-block-columns is-layout-flex wp-container-core-columns-is-layout-9d6595d7 wp-block-columns-is-layout-flex\">\n<div class=\"wp-block-column is-layout-flow wp-block-column-is-layout-flow\"><div class=\"wp-block-image icon-style is-style-rounded\">\n<figure class=\"aligncenter size-full is-resized has-custom-border\"><img loading=\"lazy\" decoding=\"async\" width=\"612\" height=\"408\" src=\"https:\/\/parroquiasaneloy.archimadrid.es\/wp-content\/uploads\/2025\/08\/misa.jpg\" alt=\"\" class=\"has-border-color has-nv-light-bg-border-color wp-image-373\" style=\"border-width:1px;width:215px;height:auto\" title=\"\" srcset=\"https:\/\/parroquiasaneloy.archimadrid.es\/wp-content\/uploads\/2025\/08\/misa.jpg 612w, https:\/\/parroquiasaneloy.archimadrid.es\/wp-content\/uploads\/2025\/08\/misa-300x200.jpg 300w\" sizes=\"auto, (max-width: 612px) 100vw, 612px\" \/><\/figure>\n<\/div>\n\n\n<p><\/p>\n\n\n\n<h3 class=\"wp-block-heading has-text-align-center has-neve-text-color-color has-text-color\"><a href=\"https:\/\/parroquiasaneloy.archimadrid.es\/?page_id=384\" data-type=\"page\" data-id=\"384\">HORARIO DE MISAS<\/a> <\/h3>\n\n\n\n<p class=\"has-text-align-center has-nv-dark-bg-color has-text-color has-link-color wp-elements-469da08924e74cdbafcbd29f9f2731d8\"><strong>Horarios de celebraci\u00f3n misas, adoraciones, despacho parroquial y confesiones, a\u00f1o 2025\/2026<\/strong><\/p>\n\n\n\n<div style=\"height:20px\" aria-hidden=\"true\" class=\"wp-block-spacer\"><\/div>\n<\/div>\n\n\n\n<div class=\"wp-block-column is-layout-flow wp-block-column-is-layout-flow\"><div class=\"wp-block-image icon-style is-style-rounded\">\n<figure class=\"aligncenter size-full is-resized has-custom-border\"><img loading=\"lazy\" decoding=\"async\" width=\"612\" height=\"408\" src=\"https:\/\/parroquiasaneloy.archimadrid.es\/wp-content\/uploads\/2025\/08\/grupos1.jpeg\" alt=\"\" class=\"has-border-color has-nv-light-bg-border-color wp-image-435\" style=\"border-width:1px;width:215px\" srcset=\"https:\/\/parroquiasaneloy.archimadrid.es\/wp-content\/uploads\/2025\/08\/grupos1.jpeg 612w, https:\/\/parroquiasaneloy.archimadrid.es\/wp-content\/uploads\/2025\/08\/grupos1-300x200.jpeg 300w\" sizes=\"auto, (max-width: 612px) 100vw, 612px\" \/><\/figure>\n<\/div>\n\n\n<p><\/p>\n\n\n\n<h3 class=\"wp-block-heading has-text-align-center has-neve-text-color-color has-text-color\"><a href=\"https:\/\/parroquiasaneloy.archimadrid.es\/?page_id=551\" data-type=\"page\" data-id=\"551\">GRUPOS<\/a><\/h3>\n\n\n\n<p class=\"has-text-align-center has-nv-dark-bg-color has-text-color has-link-color wp-elements-acca186387e275eee1ed58a6fa231d65\"><strong>Ni\u00f1os, J\u00f3venes, Matrimonios, Formaci\u00f3n adultos<\/strong><\/p>\n\n\n\n<div style=\"height:20px\" aria-hidden=\"true\" class=\"wp-block-spacer\"><\/div>\n<\/div>\n\n\n\n<div class=\"wp-block-column is-layout-flow wp-block-column-is-layout-flow\"><div class=\"wp-block-image icon-style is-style-rounded\">\n<figure class=\"aligncenter size-full is-resized has-custom-border\"><img loading=\"lazy\" decoding=\"async\" width=\"600\" height=\"400\" src=\"https:\/\/parroquiasaneloy.archimadrid.es\/wp-content\/uploads\/2025\/08\/sacramentos.jpg\" alt=\"\" class=\"has-border-color has-nv-light-bg-border-color wp-image-437\" style=\"border-width:1px;width:215px;height:auto\" srcset=\"https:\/\/parroquiasaneloy.archimadrid.es\/wp-content\/uploads\/2025\/08\/sacramentos.jpg 600w, https:\/\/parroquiasaneloy.archimadrid.es\/wp-content\/uploads\/2025\/08\/sacramentos-300x200.jpg 300w\" sizes=\"auto, (max-width: 600px) 100vw, 600px\" \/><\/figure>\n<\/div>\n\n\n<p><\/p>\n\n\n\n<h3 class=\"wp-block-heading has-text-align-center has-neve-text-color-color has-text-color\"><a href=\"https:\/\/parroquiasaneloy.archimadrid.es\/?page_id=553\" data-type=\"page\" data-id=\"553\">SACRAMENTOS<\/a><\/h3>\n\n\n\n<p class=\"has-text-align-center has-nv-dark-bg-color has-text-color has-link-color wp-elements-1a57df45d71c35232013cc7ba3e4a7bb\"><strong>Bautismo, Confirmaci\u00f3n, Eucarist\u00eda, Penitencia, Matrimonio, Unci\u00f3n de enfermos<\/strong><\/p>\n\n\n\n<div style=\"height:20px\" aria-hidden=\"true\" class=\"wp-block-spacer\"><\/div>\n<\/div>\n<\/div>\n\n\n\n<p><\/p>\n\n\n\n<p><\/p>\n\n\n\n<div class=\"wp-block-cover alignfull\" style=\"min-height:600px;aspect-ratio:unset;\"><span aria-hidden=\"true\" class=\"wp-block-cover__background has-nv-light-bg-background-color has-background-dim-100 has-background-dim\"><\/span><div class=\"wp-block-cover__inner-container is-layout-flow wp-block-cover-is-layout-flow\">\n<div class=\"wp-block-group\"><div class=\"wp-block-group__inner-container is-layout-flow wp-block-group-is-layout-flow\">\n<div class=\"wp-block-columns are-vertically-aligned-center is-layout-flex wp-container-core-columns-is-layout-9d6595d7 wp-block-columns-is-layout-flex\">\n<div class=\"wp-block-column is-vertically-aligned-center is-layout-flow wp-block-column-is-layout-flow\" style=\"padding-top:var(--wp--preset--spacing--40);flex-basis:50%\"><div class=\"wp-block-image\">\n<figure class=\"aligncenter size-full is-resized\"><img loading=\"lazy\" decoding=\"async\" width=\"640\" height=\"628\" src=\"https:\/\/parroquiasaneloy.archimadrid.es\/wp-content\/uploads\/2025\/08\/pastoral.jpeg\" alt=\"\" class=\"wp-image-438\" style=\"width:224px;height:auto\" srcset=\"https:\/\/parroquiasaneloy.archimadrid.es\/wp-content\/uploads\/2025\/08\/pastoral.jpeg 640w, https:\/\/parroquiasaneloy.archimadrid.es\/wp-content\/uploads\/2025\/08\/pastoral-300x294.jpeg 300w\" sizes=\"auto, (max-width: 640px) 100vw, 640px\" \/><\/figure>\n<\/div><\/div>\n\n\n\n<div class=\"wp-block-column is-vertically-aligned-center is-layout-flow wp-block-column-is-layout-flow\" style=\"padding-right:var(--wp--preset--spacing--50);padding-left:var(--wp--preset--spacing--50);flex-basis:50%\">\n<div style=\"height:20px\" aria-hidden=\"true\" class=\"wp-block-spacer\"><\/div>\n\n\n\n<h3 class=\"wp-block-heading has-text-align-left has-neve-text-color-color has-text-color\"><a href=\"https:\/\/parroquiasaneloy.archimadrid.es\/?page_id=501\" data-type=\"page\" data-id=\"501\">PASTORAL<\/a><\/h3>\n\n\n\n<p><strong>El equipo pastoral planifica y coordina la acci\u00f3n pastoral, como celebraciones lit\u00fargicas, retiros, catequesis, as\u00ed como promueven la evangelizaci\u00f3n a trav\u00e9s de valores y actitudes cristianas.<\/strong><\/p>\n\n\n\n<p class=\"has-text-align-left has-nv-dark-bg-color has-text-color\" style=\"font-size:17px\"><strong>Existen una serie de grupos donde compartir y ayudar tanto en las celebraciones sacramentales como en la comunidad.<\/strong><\/p>\n\n\n\n<p style=\"font-size:17px\"><strong>Espacios donde compartir la fe, donde formarse, profundizar en el misterio de Dios y donde ejercer la caridad.<\/strong><\/p>\n\n\n\n<div class=\"wp-block-buttons is-horizontal is-content-justification-left is-layout-flex wp-container-core-buttons-is-layout-7e5fce0a wp-block-buttons-is-layout-flex\">\n<div class=\"wp-block-button is-style-default\"><a class=\"wp-block-button__link wp-element-button\" href=\"https:\/\/parroquiasaneloy.archimadrid.es\/?page_id=501\">LEER M\u00c1S<\/a><\/div>\n<\/div>\n<\/div>\n<\/div>\n<\/div><\/div>\n<\/div><\/div>\n\n\n\n<p><\/p>\n\n\n\n<div class=\"wp-block-cover alignfull wp-duotone-grayscale\" style=\"min-height:600px;aspect-ratio:unset;\"><img loading=\"lazy\" decoding=\"async\" width=\"640\" height=\"426\" class=\"wp-block-cover__image-background wp-image-831 size-full\" alt=\"\" src=\"https:\/\/parroquiasaneloy.archimadrid.es\/wp-content\/uploads\/2025\/09\/actividades1.webp\" style=\"object-position:35% 63%\" data-object-fit=\"cover\" data-object-position=\"35% 63%\" srcset=\"https:\/\/parroquiasaneloy.archimadrid.es\/wp-content\/uploads\/2025\/09\/actividades1.webp 640w, https:\/\/parroquiasaneloy.archimadrid.es\/wp-content\/uploads\/2025\/09\/actividades1-300x200.webp 300w\" sizes=\"auto, (max-width: 640px) 100vw, 640px\" \/><span aria-hidden=\"true\" class=\"wp-block-cover__background has-nv-site-bg-background-color has-background-dim-70 has-background-dim\"><\/span><div class=\"wp-block-cover__inner-container is-layout-flow wp-block-cover-is-layout-flow\">\n<div class=\"wp-block-group\"><div class=\"wp-block-group__inner-container is-layout-flow wp-block-group-is-layout-flow\">\n<div class=\"wp-block-columns are-vertically-aligned-center is-layout-flex wp-container-core-columns-is-layout-9d6595d7 wp-block-columns-is-layout-flex\">\n<div class=\"wp-block-column is-vertically-aligned-center is-layout-flow wp-block-column-is-layout-flow\" style=\"padding-right:var(--wp--preset--spacing--50);padding-left:var(--wp--preset--spacing--50);flex-basis:50%\">\n<p><\/p>\n\n\n\n<p><\/p>\n\n\n\n<p><\/p>\n\n\n\n<h3 class=\"wp-block-heading has-text-align-center has-neve-text-color-color has-text-color\"><a href=\"https:\/\/parroquiasaneloy.archimadrid.es\/?page_id=529\" data-type=\"page\" data-id=\"529\">ACTIVIDADES<\/a><\/h3>\n\n\n<div class=\"wp-block-image is-style-default wp-duotone-unset-2\">\n<figure class=\"aligncenter size-full is-resized\"><img loading=\"lazy\" decoding=\"async\" width=\"1280\" height=\"960\" src=\"https:\/\/parroquiasaneloy.archimadrid.es\/wp-content\/uploads\/2025\/09\/manos.webp\" alt=\"\" class=\"wp-image-841\" style=\"width:140px;height:auto\" srcset=\"https:\/\/parroquiasaneloy.archimadrid.es\/wp-content\/uploads\/2025\/09\/manos.webp 1280w, https:\/\/parroquiasaneloy.archimadrid.es\/wp-content\/uploads\/2025\/09\/manos-300x225.webp 300w, https:\/\/parroquiasaneloy.archimadrid.es\/wp-content\/uploads\/2025\/09\/manos-1024x768.webp 1024w, https:\/\/parroquiasaneloy.archimadrid.es\/wp-content\/uploads\/2025\/09\/manos-768x576.webp 768w\" sizes=\"auto, (max-width: 1280px) 100vw, 1280px\" \/><\/figure>\n<\/div>\n\n\n<p><\/p>\n\n\n\n<p class=\"has-text-align-left has-nv-dark-bg-color has-text-color\" style=\"font-size:17px\"><strong>En la parroquia de San Eloy ofrecemos diferentes actividades para hacer comunidad. La fe cristiana es ante todo comunitaria y por eso el cristiano necesita vivirla y compartirla con los dem\u00e1s.<\/strong><\/p>\n\n\n\n<p class=\"has-text-align-left has-neve-link-color-color has-text-color has-link-color wp-elements-61b688fbbd2dfd77be705057d3c0f756\" style=\"font-size:17px\"><strong>Estas actividades buscan la integraci\u00f3n de los fieles en la comunidad, responder a necesidades espirituales y evangelizar, adapt\u00e1ndose a las necesidades locales.<\/strong><\/p>\n\n\n\n<div class=\"wp-block-buttons is-horizontal is-content-justification-right is-layout-flex wp-container-core-buttons-is-layout-ae2fe186 wp-block-buttons-is-layout-flex\">\n<div class=\"wp-block-button is-style-default\"><a class=\"wp-block-button__link has-text-align-center wp-element-button\" href=\"https:\/\/parroquiasaneloy.archimadrid.es\/?page_id=529\">LEER M\u00c1S<\/a><\/div>\n<\/div>\n\n\n\n<div style=\"height:40px\" aria-hidden=\"true\" class=\"wp-block-spacer\"><\/div>\n<\/div>\n\n\n\n<div class=\"wp-block-column is-layout-flow wp-block-column-is-layout-flow\"><\/div>\n\n\n\n<div class=\"wp-block-column is-vertically-aligned-center is-layout-flow wp-block-column-is-layout-flow\" style=\"flex-basis:50%\"><\/div>\n<\/div>\n<\/div><\/div>\n<\/div><\/div>\n\n\n\n<p><\/p>\n\n\n\n<div class=\"wp-block-cover alignfull\" style=\"padding-top:var(--wp--preset--spacing--60);padding-bottom:var(--wp--preset--spacing--60)\"><img loading=\"lazy\" decoding=\"async\" width=\"287\" height=\"300\" class=\"wp-block-cover__image-background wp-image-436 size-medium\" alt=\"\" src=\"https:\/\/parroquiasaneloy.archimadrid.es\/wp-content\/uploads\/2025\/08\/actividades-287x300.jpeg\" style=\"object-position:50% 50%\" data-object-fit=\"cover\" data-object-position=\"50% 50%\"\/><span aria-hidden=\"true\" class=\"wp-block-cover__background has-nv-c-1-background-color has-background-dim-70 has-background-dim\"><\/span><div class=\"wp-block-cover__inner-container is-layout-flow wp-block-cover-is-layout-flow\">\n<div class=\"wp-block-group\"><div class=\"wp-block-group__inner-container is-layout-flow wp-block-group-is-layout-flow\">\n<div class=\"wp-block-columns are-vertically-aligned-center is-layout-flex wp-container-core-columns-is-layout-9d6595d7 wp-block-columns-is-layout-flex\">\n<div class=\"wp-block-column is-vertically-aligned-center is-layout-flow wp-block-column-is-layout-flow\" style=\"flex-basis:50%\"><\/div>\n\n\n\n<div class=\"wp-block-column is-vertically-aligned-center is-layout-flow wp-block-column-is-layout-flow\" style=\"padding-right:var(--wp--preset--spacing--40);padding-left:var(--wp--preset--spacing--40);flex-basis:50%\">\n<h3 class=\"wp-block-heading has-text-align-left has-nv-text-dark-bg-color has-text-color\"><a href=\"https:\/\/parroquiasaneloy.archimadrid.es\/?page_id=69\" data-type=\"page\" data-id=\"69\">COLABORA<\/a><\/h3>\n\n\n\n<p class=\"has-nv-dark-bg-color has-text-color has-link-color wp-elements-6058204152cb5aa30b755d3fa9732307\" style=\"font-size:17px\"><strong>Con tus dones<br>Necesitamos ayuda en todos los campos: mantenimiento, electricidad, fontaner\u00eda, alba\u00f1iler\u00eda, bricolaje, jardiner\u00eda, limpieza, etc<\/strong><\/p>\n\n\n\n<p class=\"has-nv-dark-bg-color has-text-color has-link-color wp-elements-997b913137df99f462e65ee11d6f12f2\" style=\"font-size:17px\"><strong>Tambi\u00e9n se necesita ayuda en los coros como voces o instrumentistas.<\/strong><\/p>\n\n\n\n<p class=\"has-neve-link-color-color has-text-color has-link-color wp-elements-c092e6ddd343fc7422085137d948388a\" style=\"font-size:17px\"><strong>Econ\u00f3micamente<br>La parroquia es un edificio que tiene unos gastos de mantenimiento necesarios para mantener la actividad y el culto. Por eso necesitamos tu colaboraci\u00f3n econ\u00f3mica para que San Eloy sea un lugar acogedor como lugar de encuentro con el Se\u00f1or.<\/strong><\/p>\n\n\n\n<p class=\"has-nv-text-dark-bg-color has-text-color has-link-color wp-elements-b5a589aa42ba56acb3d1e57449c79640\"><\/p>\n\n\n\n<div class=\"wp-block-buttons is-layout-flex wp-block-buttons-is-layout-flex\">\n<div class=\"wp-block-button is-style-default\"><a class=\"wp-block-button__link wp-element-button\" href=\"https:\/\/parroquiasaneloy.archimadrid.es\/?page_id=69\">LEER M\u00c1S<\/a><\/div>\n<\/div>\n\n\n\n<p class=\"has-text-align-left has-nv-text-dark-bg-color has-text-color\" style=\"font-size:17px\"><\/p>\n<\/div>\n<\/div>\n<\/div><\/div>\n<\/div><\/div>\n\n\n\n<p><\/p>\n\n\n\n<div class=\"wp-block-cover alignfull wp-duotone-unset-3\" style=\"min-height:300px;aspect-ratio:unset;\"><img loading=\"lazy\" decoding=\"async\" width=\"231\" height=\"180\" class=\"wp-block-cover__image-background wp-image-688 size-full\" alt=\"\" src=\"https:\/\/parroquiasaneloy.archimadrid.es\/wp-content\/uploads\/2025\/09\/historia.jpg\" style=\"object-position:74% 70%\" data-object-fit=\"cover\" data-object-position=\"74% 70%\"\/><span aria-hidden=\"true\" class=\"wp-block-cover__background has-nv-dark-bg-background-color has-background-dim-60 has-background-dim\"><\/span><div class=\"wp-block-cover__inner-container is-layout-flow wp-block-cover-is-layout-flow\">\n<div style=\"height:140px\" aria-hidden=\"true\" class=\"wp-block-spacer\"><\/div>\n\n\n\n<p class=\"has-text-align-center has-neve-text-color-color has-text-color has-link-color wp-elements-f48f6dc753e74aaa3d35d8f3367f9b79\" style=\"font-size:25px\"><a href=\"https:\/\/parroquiasaneloy.archimadrid.es\/?page_id=634\" data-type=\"page\" data-id=\"634\"><strong>HISTORIA DE NUESTRA PARROQUIA<\/strong><\/a><\/p>\n\n\n\n<p><\/p>\n\n\n\n<div class=\"wp-block-buttons is-horizontal is-content-justification-center is-layout-flex wp-container-core-buttons-is-layout-499968f5 wp-block-buttons-is-layout-flex\">\n<div class=\"wp-block-button is-style-default\"><a class=\"wp-block-button__link wp-element-button\" href=\"https:\/\/parroquiasaneloy.archimadrid.es\/?page_id=634\">LEER M\u00c1S<\/a><\/div>\n<\/div>\n\n\n\n<div style=\"height:140px\" aria-hidden=\"true\" class=\"wp-block-spacer\"><\/div>\n<\/div><\/div>\n","protected":false},"excerpt":{"rendered":"<p>FORTALECIENDO NUESTRA COMUNIDAD EN FE HORARIO DE MISAS Horarios de celebraci\u00f3n misas, adoraciones, despacho parroquial y confesiones, a\u00f1o 2025\/2026 GRUPOS Ni\u00f1os, J\u00f3venes, Matrimonios, Formaci\u00f3n adultos SACRAMENTOS Bautismo, Confirmaci\u00f3n, Eucarist\u00eda, Penitencia, Matrimonio, Unci\u00f3n de enfermos<\/p>\n","protected":false},"author":2,"featured_media":0,"parent":0,"menu_order":0,"comment_status":"closed","ping_status":"closed","template":"","meta":{"neve_meta_sidebar":"default","neve_meta_container":"default","neve_meta_enable_content_width":"on","neve_meta_content_width":100,"neve_meta_title_alignment":"center","neve_meta_author_avatar":"","neve_post_elements_order":"","neve_meta_disable_header":"","neve_meta_disable_footer":"","neve_meta_disable_title":"on","_themeisle_gutenberg_block_has_review":false,"footnotes":""},"class_list":["post-309","page","type-page","status-publish","hentry"],"_links":{"self":[{"href":"https:\/\/parroquiasaneloy.archimadrid.es\/index.php?rest_route=\/wp\/v2\/pages\/309","targetHints":{"allow":["GET"]}}],"collection":[{"href":"https:\/\/parroquiasaneloy.archimadrid.es\/index.php?rest_route=\/wp\/v2\/pages"}],"about":[{"href":"https:\/\/parroquiasaneloy.archimadrid.es\/index.php?rest_route=\/wp\/v2\/types\/page"}],"author":[{"embeddable":true,"href":"https:\/\/parroquiasaneloy.archimadrid.es\/index.php?rest_route=\/wp\/v2\/users\/2"}],"replies":[{"embeddable":true,"href":"https:\/\/parroquiasaneloy.archimadrid.es\/index.php?rest_route=%2Fwp%2Fv2%2Fcomments&post=309"}],"version-history":[{"count":152,"href":"https:\/\/parroquiasaneloy.archimadrid.es\/index.php?rest_route=\/wp\/v2\/pages\/309\/revisions"}],"predecessor-version":[{"id":1255,"href":"https:\/\/parroquiasaneloy.archimadrid.es\/index.php?rest_route=\/wp\/v2\/pages\/309\/revisions\/1255"}],"wp:attachment":[{"href":"https:\/\/parroquiasaneloy.archimadrid.es\/index.php?rest_route=%2Fwp%2Fv2%2Fmedia&parent=309"}],"curies":[{"name":"wp","href":"https:\/\/api.w.org\/{rel}","templated":true}]}}