{"id":501,"date":"2025-08-21T10:28:06","date_gmt":"2025-08-21T10:28:06","guid":{"rendered":"https:\/\/nueva.parroquiasaneloy.archimadrid.es\/?page_id=501"},"modified":"2025-11-19T11:02:23","modified_gmt":"2025-11-19T11:02:23","slug":"pastoral","status":"publish","type":"page","link":"https:\/\/parroquiasaneloy.archimadrid.es\/?page_id=501","title":{"rendered":"Pastoral"},"content":{"rendered":"<div class=\"wp-block-image\">\n<figure class=\"aligncenter size-full is-resized\"><img loading=\"lazy\" decoding=\"async\" width=\"200\" height=\"137\" src=\"https:\/\/parroquiasaneloy.archimadrid.es\/wp-content\/uploads\/2025\/09\/sacerdote-e1763548442274.jpg\" alt=\"\" class=\"wp-image-672\" style=\"width:140px;height:auto\"\/><\/figure>\n<\/div>\n\n\n<figure class=\"wp-block-table is-style-regular\"><table class=\"has-background\" style=\"background:linear-gradient(135deg,rgb(253,253,253) 0%,rgb(215,214,214) 58%,rgb(193,199,203) 100%);border-style:none;border-width:0px\"><tbody><tr><td class=\"has-text-align-center\" data-align=\"center\"><strong>P\u00e1rroco P. Jos\u00e9 Mar\u00eda Mart\u00ednez Morales<\/strong><\/td><td class=\"has-text-align-center\" data-align=\"center\">\ufeff<\/td><\/tr><tr><td class=\"has-text-align-center\" data-align=\"center\"><strong>Adscrito P. Jo\u00e3o Baptista Nunda<\/strong><\/td><td class=\"has-text-align-center\" data-align=\"center\">\ufeff<\/td><\/tr><tr><td class=\"has-text-align-center\" data-align=\"center\"><strong>Di\u00e1cono permanente D. Pedro Caniego \u00c1lvarez<\/strong><\/td><td class=\"has-text-align-center\" data-align=\"center\"><\/td><\/tr><\/tbody><\/table><\/figure>\n\n\n\n<div id=\"wp-block-themeisle-blocks-tabs-ae7ecfc2\" class=\"wp-block-themeisle-blocks-tabs\"><div class=\"wp-block-themeisle-blocks-tabs__content\">\n<div data-title=\"Grupo liturgia\" class=\"wp-block-themeisle-blocks-tabs-item\"><div class=\"wp-block-themeisle-blocks-tabs-item__header\" tabindex=\"0\">Grupo liturgia<\/div><div class=\"wp-block-themeisle-blocks-tabs-item__content\"><div class=\"wp-block-image\">\n<figure class=\"aligncenter size-full is-resized\"><img loading=\"lazy\" decoding=\"async\" width=\"600\" height=\"400\" src=\"https:\/\/parroquiasaneloy.archimadrid.es\/wp-content\/uploads\/2025\/09\/liturgia.jpg\" alt=\"\" class=\"wp-image-660\" style=\"width:215px;height:auto\" srcset=\"https:\/\/parroquiasaneloy.archimadrid.es\/wp-content\/uploads\/2025\/09\/liturgia.jpg 600w, https:\/\/parroquiasaneloy.archimadrid.es\/wp-content\/uploads\/2025\/09\/liturgia-300x200.jpg 300w\" sizes=\"auto, (max-width: 600px) 100vw, 600px\" \/><\/figure>\n<\/div>\n\n\n<p class=\"has-nv-c-2-background-color has-background\"><strong>Grupo de liturgia<\/strong>: El grupo de la liturgia de la parroquia tiene como finalidad organizar y dinamizar la liturgia en las celebraciones de la parroquia que ayude a los fieles a comprender, mediante los ritos, oraciones, gestos, el misterio de la fe que se est\u00e1 celebrando. Adem\u00e1s es necesario, poner cuidado en las lecturas de la Palabra as\u00ed como la elecci\u00f3n e interpretaci\u00f3n de cantos adecuados en la ceremonia, entre otras funciones. Reuniones peri\u00f3dicas seg\u00fan necesidad.<\/p>\n\n\n\n<figure class=\"wp-block-pullquote\" style=\"border-top-width:1px;border-bottom-width:1px;font-size:9px\"><blockquote><p><em>En efecto la Liturgia, por cuyo medio &lt;&lt;se ejerce la obra de nuestra Redenci\u00f3n&gt;&gt; sobre todo en el divino sacrificio de la Eucarist\u00eda, contribuye en sumo grado a que los fieles expresen en su vida, y manifiesten a los dem\u00e1s, el misterio de Cristo y la naturaleza aut\u00e9ntica de la verdadera Iglesia.<\/em><\/p><cite>Sacrosantum Concilium 2 Conc. Vaticano II<\/cite><\/blockquote><\/figure>\n<\/div><\/div>\n\n\n\n<div data-title=\"Grupo matrimonio y adultos\" class=\"wp-block-themeisle-blocks-tabs-item\"><div class=\"wp-block-themeisle-blocks-tabs-item__header\" tabindex=\"0\">Grupo matrimonio y adultos<\/div><div class=\"wp-block-themeisle-blocks-tabs-item__content\"><div class=\"wp-block-image\">\n<figure class=\"aligncenter size-full is-resized\"><img loading=\"lazy\" decoding=\"async\" width=\"600\" height=\"400\" src=\"https:\/\/parroquiasaneloy.archimadrid.es\/wp-content\/uploads\/2025\/09\/grupos-de-matrimonios.jpg\" alt=\"\" class=\"wp-image-661\" style=\"width:217px;height:auto\" srcset=\"https:\/\/parroquiasaneloy.archimadrid.es\/wp-content\/uploads\/2025\/09\/grupos-de-matrimonios.jpg 600w, https:\/\/parroquiasaneloy.archimadrid.es\/wp-content\/uploads\/2025\/09\/grupos-de-matrimonios-300x200.jpg 300w\" sizes=\"auto, (max-width: 600px) 100vw, 600px\" \/><\/figure>\n<\/div>\n\n\n<p class=\"has-nv-c-2-background-color has-background\"><strong>Grupos de fe de adultos<\/strong>: En los grupos de matrimonios se trata de vivir la fe desde la relaci\u00f3n de pareja y con la perspectiva de la familia.<\/p>\n\n\n\n<p class=\"has-nv-c-2-background-color has-background\">Para la formaci\u00f3n de adultos se pretende crear espacios donde poder compartir la fe, tratar de temas concretos con diferentes puntos de vista de cada uno y tambi\u00e9n donde se podr\u00e1n exponer experiencias o vivencias para enriquecimiento de todos.<\/p>\n\n\n\n<p class=\"has-nv-c-2-background-color has-background\">En resumen, un grupo donde puede participar cualquier adulto mayor de 18 a\u00f1os, pensado para crecer en la fe y compartirla con gente de diversas condiciones que nos enriquece y nos ayuda a caminar juntos. Una vez al mes, viernes noche.<\/p>\n<\/div><\/div>\n\n\n\n<div data-title=\"Grupo pastoral de la salud\" class=\"wp-block-themeisle-blocks-tabs-item\"><div class=\"wp-block-themeisle-blocks-tabs-item__header\" tabindex=\"0\">Grupo pastoral de la salud<\/div><div class=\"wp-block-themeisle-blocks-tabs-item__content\"><div class=\"wp-block-image\">\n<figure class=\"aligncenter size-full is-resized\"><img loading=\"lazy\" decoding=\"async\" width=\"600\" height=\"400\" src=\"https:\/\/parroquiasaneloy.archimadrid.es\/wp-content\/uploads\/2025\/09\/pastoral-de-la-salud-1.jpg\" alt=\"\" class=\"wp-image-659\" style=\"width:195px;height:auto\" srcset=\"https:\/\/parroquiasaneloy.archimadrid.es\/wp-content\/uploads\/2025\/09\/pastoral-de-la-salud-1.jpg 600w, https:\/\/parroquiasaneloy.archimadrid.es\/wp-content\/uploads\/2025\/09\/pastoral-de-la-salud-1-300x200.jpg 300w\" sizes=\"auto, (max-width: 600px) 100vw, 600px\" \/><\/figure>\n<\/div>\n\n\n<p class=\"has-nv-c-2-background-color has-background\"><strong>Grupo de pastoral de la salud<\/strong>: La asistencia a los enfermos y a las personas ancianas que viven solas y tienen dificultades para la movilidad es la finalidad de este grupo que visita y acompa\u00f1a a los enfermos.<\/p>\n\n\n\n<p class=\"has-nv-c-2-background-color has-background\">El grupo de pastoral de la salud y de visitadores de enfermos, adem\u00e1s de formarse en la fe y acompa\u00f1ar a enfermos y ancianos que viven solos, busca llevar la caridad de Cristo a los hermanos que, por motivos de salud, no pueden salir de sus casas, siendo as\u00ed, tambi\u00e9n, un apoyo al equipo de sacerdotes en el acompa\u00f1amiento en la fe de estas personas. Los miembros del grupo se re\u00fanen los segundos mi\u00e9rcoles de mes de 17,30h a 19h.<\/p>\n<\/div><\/div>\n\n\n\n<div data-title=\"Grupo Sagrada Escritura\" class=\"wp-block-themeisle-blocks-tabs-item\"><div class=\"wp-block-themeisle-blocks-tabs-item__header\" tabindex=\"0\">Grupo Sagrada Escritura<\/div><div class=\"wp-block-themeisle-blocks-tabs-item__content\"><div class=\"wp-block-image\">\n<figure class=\"aligncenter size-large is-resized\"><img loading=\"lazy\" decoding=\"async\" width=\"1024\" height=\"682\" src=\"https:\/\/parroquiasaneloy.archimadrid.es\/wp-content\/uploads\/2025\/09\/altar_caliz_libro-1024x682.jpeg\" alt=\"\" class=\"wp-image-663\" style=\"width:183px;height:auto\" srcset=\"https:\/\/parroquiasaneloy.archimadrid.es\/wp-content\/uploads\/2025\/09\/altar_caliz_libro-1024x682.jpeg 1024w, https:\/\/parroquiasaneloy.archimadrid.es\/wp-content\/uploads\/2025\/09\/altar_caliz_libro-300x200.jpeg 300w, https:\/\/parroquiasaneloy.archimadrid.es\/wp-content\/uploads\/2025\/09\/altar_caliz_libro-768x512.jpeg 768w, https:\/\/parroquiasaneloy.archimadrid.es\/wp-content\/uploads\/2025\/09\/altar_caliz_libro-930x620.jpeg 930w, https:\/\/parroquiasaneloy.archimadrid.es\/wp-content\/uploads\/2025\/09\/altar_caliz_libro.jpeg 1280w\" sizes=\"auto, (max-width: 1024px) 100vw, 1024px\" \/><\/figure>\n<\/div>\n\n\n<p class=\"has-nv-c-2-background-color has-background\"><strong>Grupo de Sagrada Escritura<\/strong>: un grupo para profundizar y aprender acerca de la Sagrada Escritura.&nbsp;<\/p>\n\n\n\n<p class=\"has-nv-c-2-background-color has-background\">El cristiano tiene el deber de conocer, leer y rezar con la Sagrada Escritura. La Biblia, le\u00edda con fe, y en la tradici\u00f3n de la Iglesia, constituye una fuente inagotable de la Palabra de Dios para el cristiano.<\/p>\n\n\n\n<p class=\"has-nv-c-2-background-color has-background\">Te invitamos a participar en este grupo. Este a\u00f1o profundizaremos en la experiencia de San Pablo y las primeras comunidades cristianas, descubriendo en ellas las ra\u00edces que nos sostienen, los desaf\u00edos que nos interpelan y la misi\u00f3n que nos impulsa hoy.<\/p>\n\n\n\n<p class=\"has-nv-c-2-background-color has-background\">Un espacio de encuentro con la Palabra, de crecimiento en la fe y de camino comunitario.<\/p>\n\n\n\n<blockquote class=\"wp-block-quote is-layout-flow wp-block-quote-is-layout-flow\">\n<p>Atr\u00e9vete a creer y ven a compartir la alegr\u00eda de la Palabra.<\/p>\n<\/blockquote>\n\n\n\n<p class=\"has-nv-c-2-background-color has-background\">Todos los <strong>terceros martes<\/strong>, de <strong>octubre a junio<\/strong>. Inicio: 21 de octubre de <strong>20h a 21h<\/strong><\/p>\n<\/div><\/div>\n\n\n\n<div data-title=\"Grupo vida ascendente\" class=\"wp-block-themeisle-blocks-tabs-item\"><div class=\"wp-block-themeisle-blocks-tabs-item__header\" tabindex=\"0\">Grupo vida ascendente<\/div><div class=\"wp-block-themeisle-blocks-tabs-item__content\"><div class=\"wp-block-image\">\n<figure class=\"aligncenter size-full is-resized\"><img loading=\"lazy\" decoding=\"async\" width=\"600\" height=\"400\" src=\"https:\/\/parroquiasaneloy.archimadrid.es\/wp-content\/uploads\/2025\/09\/vida-ascendente-1.jpg\" alt=\"\" class=\"wp-image-662\" style=\"width:192px;height:auto\" srcset=\"https:\/\/parroquiasaneloy.archimadrid.es\/wp-content\/uploads\/2025\/09\/vida-ascendente-1.jpg 600w, https:\/\/parroquiasaneloy.archimadrid.es\/wp-content\/uploads\/2025\/09\/vida-ascendente-1-300x200.jpg 300w\" sizes=\"auto, (max-width: 600px) 100vw, 600px\" \/><\/figure>\n<\/div>\n\n\n<p class=\"has-nv-c-2-background-color has-background\"><strong>Grupo de Vida Ascendente<\/strong>: para los m\u00e1s mayores, este grupo que se define como un movimiento laical de seglares jubilados y mayores, se re\u00fane los martes a las 17h30 para escuchar el evangelio, comentarlo y compartir la vida, adem\u00e1s de rezar.<\/p>\n\n\n\n<figure class=\"wp-block-pullquote\" style=\"border-top-width:1px;border-bottom-width:1px;font-size:9px\"><blockquote><p><em>Y estando en la vejez y las canas, no me desampares, Dios m\u00edo, hasta que anuncie tu fuerza a esta generaci\u00f3n, tu poder a todos los que vengan despu\u00e9s. Porque tu justicia, Se\u00f1or, llega hasta el cielo, T\u00fa que has hecho maravillas \u00bfqui\u00e9n como T\u00fa, Se\u00f1or?<\/em><\/p><cite>Salmo 71<\/cite><\/blockquote><\/figure>\n<\/div><\/div>\n\n\n\n<div data-title=\"Grupo actos festivos\" class=\"wp-block-themeisle-blocks-tabs-item\"><div class=\"wp-block-themeisle-blocks-tabs-item__header\" tabindex=\"0\">Grupo actos festivos<\/div><div class=\"wp-block-themeisle-blocks-tabs-item__content\">\n<p>Grupo encargado de organizar diversos eventos para la comunidad parroquial (torneos de juegos de mesa, concurso de bizcochos, cena de Navidad, fin de curso, etc) con el fin de establecer lazos comunitarios y ofrecer un espacio de convivencia social.<\/p>\n<\/div><\/div>\n\n\n\n<div data-title=\"C\u00e1ritas\" id=\"caritas\" class=\"wp-block-themeisle-blocks-tabs-item\"><div class=\"wp-block-themeisle-blocks-tabs-item__header\" tabindex=\"0\">C\u00e1ritas<\/div><div class=\"wp-block-themeisle-blocks-tabs-item__content\">\n<p class=\"has-nv-c-2-background-color has-background\"><\/p>\n\n\n<div class=\"wp-block-image is-style-rounded\">\n<figure class=\"aligncenter size-full is-resized has-custom-border\"><img loading=\"lazy\" decoding=\"async\" width=\"148\" height=\"148\" src=\"https:\/\/parroquiasaneloy.archimadrid.es\/wp-content\/uploads\/2025\/09\/descarga.png\" alt=\"\" class=\"wp-image-654\" style=\"border-style:none;border-width:0px;width:159px;height:auto\"\/><\/figure>\n<\/div>\n\n\n<p class=\"has-nv-c-2-background-color has-background\">El grupo de C\u00e1ritas se encarga de ayudar en la medida de las posibilidades a los m\u00e1s necesitados del barrio de Pe\u00f1agrande con diversas ayudas y programas de apoyo. La atenci\u00f3n se realiza de manera presencial los mi\u00e9rcoles de 17h a 19h.<\/p>\n\n\n\n<p><\/p>\n\n\n\n<p class=\"has-nv-c-2-background-color has-background\">Puedes pedir informaci\u00f3n escribiendo a: saneloycaritas@gmail.com  <\/p>\n\n\n\n<p class=\"has-nv-c-2-background-color has-background\">Si quieres ser voluntario de c\u00e1ritas  para echar una mano y colaborar ponte en contacto con nosotros.<\/p>\n<\/div><\/div>\n<\/div><\/div>\n\n\n<div class=\"wp-block-image\">\n<figure class=\"aligncenter size-full is-resized\"><img loading=\"lazy\" decoding=\"async\" width=\"640\" height=\"628\" src=\"https:\/\/parroquiasaneloy.archimadrid.es\/wp-content\/uploads\/2025\/08\/pastoral.jpeg\" alt=\"\" class=\"wp-image-438\" style=\"width:134px;height:auto\" srcset=\"https:\/\/parroquiasaneloy.archimadrid.es\/wp-content\/uploads\/2025\/08\/pastoral.jpeg 640w, https:\/\/parroquiasaneloy.archimadrid.es\/wp-content\/uploads\/2025\/08\/pastoral-300x294.jpeg 300w\" sizes=\"auto, (max-width: 640px) 100vw, 640px\" \/><\/figure>\n<\/div>\n\n\n<p><\/p>\n","protected":false},"excerpt":{"rendered":"<p>P\u00e1rroco P. Jos\u00e9 Mar\u00eda Mart\u00ednez Morales \ufeff Adscrito P. Jo\u00e3o Baptista Nunda \ufeff Di\u00e1cono permanente D. Pedro Caniego \u00c1lvarez<\/p>\n","protected":false},"author":2,"featured_media":0,"parent":0,"menu_order":0,"comment_status":"closed","ping_status":"closed","template":"","meta":{"neve_meta_sidebar":"","neve_meta_container":"","neve_meta_enable_content_width":"","neve_meta_content_width":0,"neve_meta_title_alignment":"","neve_meta_author_avatar":"","neve_post_elements_order":"","neve_meta_disable_header":"","neve_meta_disable_footer":"","neve_meta_disable_title":"","_themeisle_gutenberg_block_has_review":false,"footnotes":""},"class_list":["post-501","page","type-page","status-publish","hentry"],"_links":{"self":[{"href":"https:\/\/parroquiasaneloy.archimadrid.es\/index.php?rest_route=\/wp\/v2\/pages\/501","targetHints":{"allow":["GET"]}}],"collection":[{"href":"https:\/\/parroquiasaneloy.archimadrid.es\/index.php?rest_route=\/wp\/v2\/pages"}],"about":[{"href":"https:\/\/parroquiasaneloy.archimadrid.es\/index.php?rest_route=\/wp\/v2\/types\/page"}],"author":[{"embeddable":true,"href":"https:\/\/parroquiasaneloy.archimadrid.es\/index.php?rest_route=\/wp\/v2\/users\/2"}],"replies":[{"embeddable":true,"href":"https:\/\/parroquiasaneloy.archimadrid.es\/index.php?rest_route=%2Fwp%2Fv2%2Fcomments&post=501"}],"version-history":[{"count":69,"href":"https:\/\/parroquiasaneloy.archimadrid.es\/index.php?rest_route=\/wp\/v2\/pages\/501\/revisions"}],"predecessor-version":[{"id":1120,"href":"https:\/\/parroquiasaneloy.archimadrid.es\/index.php?rest_route=\/wp\/v2\/pages\/501\/revisions\/1120"}],"wp:attachment":[{"href":"https:\/\/parroquiasaneloy.archimadrid.es\/index.php?rest_route=%2Fwp%2Fv2%2Fmedia&parent=501"}],"curies":[{"name":"wp","href":"https:\/\/api.w.org\/{rel}","templated":true}]}}