{"id":529,"date":"2025-08-23T09:13:55","date_gmt":"2025-08-23T09:13:55","guid":{"rendered":"https:\/\/nueva.parroquiasaneloy.archimadrid.es\/?page_id=529"},"modified":"2026-04-16T18:15:49","modified_gmt":"2026-04-16T18:15:49","slug":"actividades","status":"publish","type":"page","link":"https:\/\/parroquiasaneloy.archimadrid.es\/?page_id=529","title":{"rendered":"Actividades 2025\/2026"},"content":{"rendered":"\n<div class=\"wp-block-columns is-layout-flex wp-container-core-columns-is-layout-9d6595d7 wp-block-columns-is-layout-flex\">\n<div class=\"wp-block-column is-layout-flow wp-block-column-is-layout-flow\">\n<div class=\"wp-block-media-text is-stacked-on-mobile\"><figure class=\"wp-block-media-text__media\"><img loading=\"lazy\" decoding=\"async\" width=\"640\" height=\"426\" src=\"https:\/\/parroquiasaneloy.archimadrid.es\/wp-content\/uploads\/2025\/09\/actividades.webp\" alt=\"\" class=\"wp-image-833 size-full\" srcset=\"https:\/\/parroquiasaneloy.archimadrid.es\/wp-content\/uploads\/2025\/09\/actividades.webp 640w, https:\/\/parroquiasaneloy.archimadrid.es\/wp-content\/uploads\/2025\/09\/actividades-300x200.webp 300w\" sizes=\"auto, (max-width: 640px) 100vw, 640px\" \/><\/figure><div class=\"wp-block-media-text__content\">\n<p><\/p>\n<\/div><\/div>\n<\/div>\n\n\n\n<div class=\"wp-block-column is-layout-flow wp-block-column-is-layout-flow\"><\/div>\n<\/div>\n\n\n\n<div class=\"wp-block-columns is-layout-flex wp-container-core-columns-is-layout-9d6595d7 wp-block-columns-is-layout-flex\">\n<div class=\"wp-block-column is-layout-flow wp-block-column-is-layout-flow\">\n<div class=\"wp-block-media-text is-stacked-on-mobile\"><figure class=\"wp-block-media-text__media\"><img loading=\"lazy\" decoding=\"async\" width=\"258\" height=\"320\" src=\"https:\/\/parroquiasaneloy.archimadrid.es\/wp-content\/uploads\/2026\/02\/convivencia_jovenes.jpeg\" alt=\"\" class=\"wp-image-1205 size-full\" srcset=\"https:\/\/parroquiasaneloy.archimadrid.es\/wp-content\/uploads\/2026\/02\/convivencia_jovenes.jpeg 258w, https:\/\/parroquiasaneloy.archimadrid.es\/wp-content\/uploads\/2026\/02\/convivencia_jovenes-242x300.jpeg 242w\" sizes=\"auto, (max-width: 258px) 100vw, 258px\" \/><\/figure><div class=\"wp-block-media-text__content\">\n<p><\/p>\n\n\n\n<p><\/p>\n\n\n\n<p>Convivencia de j\u00f3venes San Eloy. D\u00edas 1, 2 y 3 de mayo del 2026<\/p>\n\n\n\n<p>Para j\u00f3venes de 18 a 35 a\u00f1os<\/p>\n\n\n\n<p>En la Casa Santa Mar\u00eda del Molino (Paraje Miraflores s\/n, 40513 Ribota, Segovia)<\/p>\n<\/div><\/div>\n<\/div>\n\n\n\n<div class=\"wp-block-column is-layout-flow wp-block-column-is-layout-flow\">\n<div class=\"wp-block-media-text is-stacked-on-mobile\"><figure class=\"wp-block-media-text__media\"><img loading=\"lazy\" decoding=\"async\" width=\"638\" height=\"958\" src=\"https:\/\/parroquiasaneloy.archimadrid.es\/wp-content\/uploads\/2026\/04\/feria_abril.jpeg\" alt=\"\" class=\"wp-image-1259 size-full\" srcset=\"https:\/\/parroquiasaneloy.archimadrid.es\/wp-content\/uploads\/2026\/04\/feria_abril.jpeg 638w, https:\/\/parroquiasaneloy.archimadrid.es\/wp-content\/uploads\/2026\/04\/feria_abril-200x300.jpeg 200w\" sizes=\"auto, (max-width: 638px) 100vw, 638px\" \/><\/figure><div class=\"wp-block-media-text__content\">\n<p><\/p>\n\n\n\n<p>Ya se acerca la feria de abril!!, ven con nosotros a disfrutar de un buen aperitivo a precios populares.<\/p>\n\n\n\n<p>El domingo 26 de abril a partir de las 13:45.<\/p>\n<\/div><\/div>\n<\/div>\n<\/div>\n\n\n\n<div class=\"wp-block-columns is-layout-flex wp-container-core-columns-is-layout-9d6595d7 wp-block-columns-is-layout-flex\">\n<div class=\"wp-block-column is-layout-flow wp-block-column-is-layout-flow\">\n<div class=\"wp-block-media-text is-stacked-on-mobile\"><figure class=\"wp-block-media-text__media\"><img loading=\"lazy\" decoding=\"async\" width=\"228\" height=\"320\" src=\"https:\/\/parroquiasaneloy.archimadrid.es\/wp-content\/uploads\/2026\/02\/viacrucis.jpeg\" alt=\"\" class=\"wp-image-1210 size-full\" srcset=\"https:\/\/parroquiasaneloy.archimadrid.es\/wp-content\/uploads\/2026\/02\/viacrucis.jpeg 228w, https:\/\/parroquiasaneloy.archimadrid.es\/wp-content\/uploads\/2026\/02\/viacrucis-214x300.jpeg 214w\" sizes=\"auto, (max-width: 228px) 100vw, 228px\" \/><\/figure><div class=\"wp-block-media-text__content\">\n<p><\/p>\n\n\n\n<p>V\u00edaCrucis, los viernes 20 y 27 de febrero y 6, 13, 20 y 27 de marzo a las 20h<\/p>\n\n\n\n<p>27 de febrero a las 18h, ni\u00f1os<\/p>\n\n\n\n<p>Viernes Santo 3 abril Grupo formaci\u00f3n B\u00edblica.<\/p>\n<\/div><\/div>\n<\/div>\n\n\n\n<div class=\"wp-block-column is-layout-flow wp-block-column-is-layout-flow\">\n<div class=\"wp-block-media-text is-stacked-on-mobile\"><figure class=\"wp-block-media-text__media\"><img loading=\"lazy\" decoding=\"async\" width=\"228\" height=\"320\" src=\"https:\/\/parroquiasaneloy.archimadrid.es\/wp-content\/uploads\/2026\/02\/oracion_enfermos-1.jpeg\" alt=\"\" class=\"wp-image-1206 size-full\" srcset=\"https:\/\/parroquiasaneloy.archimadrid.es\/wp-content\/uploads\/2026\/02\/oracion_enfermos-1.jpeg 228w, https:\/\/parroquiasaneloy.archimadrid.es\/wp-content\/uploads\/2026\/02\/oracion_enfermos-1-214x300.jpeg 214w\" sizes=\"auto, (max-width: 228px) 100vw, 228px\" \/><\/figure><div class=\"wp-block-media-text__content\">\n<p><\/p>\n\n\n\n<p>Celebraci\u00f3n de la Palabra<\/p>\n\n\n\n<p>Oraci\u00f3n por los enfermos (cada 15 d\u00edas aproximadamente oramos por los enfermos)<\/p>\n\n\n\n<p>D\u00eda 25 de febrero del 2026 a las 17,30h en la Capilla<\/p>\n<\/div><\/div>\n<\/div>\n<\/div>\n\n\n\n<div class=\"wp-block-columns is-layout-flex wp-container-core-columns-is-layout-9d6595d7 wp-block-columns-is-layout-flex\">\n<div class=\"wp-block-column is-layout-flow wp-block-column-is-layout-flow\">\n<div class=\"wp-block-media-text is-stacked-on-mobile\" style=\"grid-template-columns:41% auto\"><figure class=\"wp-block-media-text__media\"><img loading=\"lazy\" decoding=\"async\" width=\"226\" height=\"320\" src=\"https:\/\/parroquiasaneloy.archimadrid.es\/wp-content\/uploads\/2026\/01\/bizcochos2026.jpeg\" alt=\"\" class=\"wp-image-1187 size-full\" srcset=\"https:\/\/parroquiasaneloy.archimadrid.es\/wp-content\/uploads\/2026\/01\/bizcochos2026.jpeg 226w, https:\/\/parroquiasaneloy.archimadrid.es\/wp-content\/uploads\/2026\/01\/bizcochos2026-212x300.jpeg 212w\" sizes=\"auto, (max-width: 226px) 100vw, 226px\" \/><\/figure><div class=\"wp-block-media-text__content\">\n<p><\/p>\n\n\n\n<p>Tercer concurso de bizcochos San Eloy<\/p>\n\n\n\n<p>S\u00e1bado 14 de febrero a las 18:00<\/p>\n\n\n\n<p><a href=\"https:\/\/parroquiasaneloy.archimadrid.es\/?page_id=1194\" data-type=\"page\" data-id=\"1194\">Normas e inscripci\u00f3n.<\/a><\/p>\n\n\n\n<p><\/p>\n<\/div><\/div>\n<\/div>\n\n\n\n<div class=\"wp-block-column is-layout-flow wp-block-column-is-layout-flow\">\n<div class=\"wp-block-media-text is-stacked-on-mobile is-vertically-aligned-top\" style=\"grid-template-columns:40% auto\"><figure class=\"wp-block-media-text__media\"><img loading=\"lazy\" decoding=\"async\" width=\"456\" height=\"640\" src=\"https:\/\/parroquiasaneloy.archimadrid.es\/wp-content\/uploads\/2025\/11\/IMG_3548.jpg\" alt=\"\" class=\"wp-image-1130 size-full\" srcset=\"https:\/\/parroquiasaneloy.archimadrid.es\/wp-content\/uploads\/2025\/11\/IMG_3548.jpg 456w, https:\/\/parroquiasaneloy.archimadrid.es\/wp-content\/uploads\/2025\/11\/IMG_3548-214x300.jpg 214w\" sizes=\"auto, (max-width: 456px) 100vw, 456px\" \/><\/figure><div class=\"wp-block-media-text__content\">\n<p><\/p>\n\n\n\n<p>III Retiro EFFET\u00c1 para j\u00f3venes \u00abAbrir el coraz\u00f3n\u00bb<\/p>\n\n\n\n<p>6, 7 y 8 de febrero  2026<\/p>\n\n\n\n<p>Centro Mari\u00e1polis LuminosaCalle Poniente 33, 28290 Las Rozas, Madrid<\/p>\n<\/div><\/div>\n<\/div>\n<\/div>\n\n\n\n<div class=\"wp-block-columns is-layout-flex wp-container-core-columns-is-layout-9d6595d7 wp-block-columns-is-layout-flex\">\n<div class=\"wp-block-column is-layout-flow wp-block-column-is-layout-flow\">\n<div class=\"wp-block-media-text is-stacked-on-mobile\"><figure class=\"wp-block-media-text__media\"><img loading=\"lazy\" decoding=\"async\" width=\"214\" height=\"320\" src=\"https:\/\/parroquiasaneloy.archimadrid.es\/wp-content\/uploads\/2025\/12\/reyesmagos-1.jpeg\" alt=\"\" class=\"wp-image-1153 size-full\" srcset=\"https:\/\/parroquiasaneloy.archimadrid.es\/wp-content\/uploads\/2025\/12\/reyesmagos-1.jpeg 214w, https:\/\/parroquiasaneloy.archimadrid.es\/wp-content\/uploads\/2025\/12\/reyesmagos-1-201x300.jpeg 201w\" sizes=\"auto, (max-width: 214px) 100vw, 214px\" \/><\/figure><div class=\"wp-block-media-text__content\">\n<p><\/p>\n\n\n\n<p>El d\u00eda 2 de enero a las 18h los Reyes Magos visitar\u00e1n la Parroquia San Eloy.<\/p>\n\n\n\n<p>Acompa\u00f1ar\u00e1 el acto la Agrupaci\u00f3n musical Jes\u00fas el Pobre.<\/p>\n\n\n\n<p>Entrega de cartas a los Reyes Magos y merienda en salones a precios populares.<\/p>\n<\/div><\/div>\n<\/div>\n\n\n\n<div class=\"wp-block-column is-layout-flow wp-block-column-is-layout-flow\">\n<div class=\"wp-block-media-text is-stacked-on-mobile\" style=\"grid-template-columns:40% auto\"><figure class=\"wp-block-media-text__media\"><img loading=\"lazy\" decoding=\"async\" width=\"320\" height=\"174\" src=\"https:\/\/parroquiasaneloy.archimadrid.es\/wp-content\/uploads\/2025\/12\/adviento-encuentro.jpeg\" alt=\"\" class=\"wp-image-1140 size-full\" srcset=\"https:\/\/parroquiasaneloy.archimadrid.es\/wp-content\/uploads\/2025\/12\/adviento-encuentro.jpeg 320w, https:\/\/parroquiasaneloy.archimadrid.es\/wp-content\/uploads\/2025\/12\/adviento-encuentro-300x163.jpeg 300w\" sizes=\"auto, (max-width: 320px) 100vw, 320px\" \/><\/figure><div class=\"wp-block-media-text__content\">\n<p><\/p>\n\n\n\n<p>Retiro de Adviento- Organizado por el Grupo Pastoral de la Salud para toda la Comunidad Parroquial, el 17 de diciembre a las 17,30h en la Capilla.<\/p>\n<\/div><\/div>\n<\/div>\n<\/div>\n\n\n\n<p><\/p>\n\n\n\n<div class=\"wp-block-columns is-layout-flex wp-container-core-columns-is-layout-9d6595d7 wp-block-columns-is-layout-flex\">\n<div class=\"wp-block-column is-layout-flow wp-block-column-is-layout-flow\">\n<div class=\"wp-block-media-text is-stacked-on-mobile is-vertically-aligned-center\" style=\"grid-template-columns:36% auto\"><figure class=\"wp-block-media-text__media\"><img loading=\"lazy\" decoding=\"async\" width=\"226\" height=\"320\" src=\"https:\/\/parroquiasaneloy.archimadrid.es\/wp-content\/uploads\/2025\/12\/tarjetas_navidad-1.jpeg\" alt=\"\" class=\"wp-image-1139 size-full\" srcset=\"https:\/\/parroquiasaneloy.archimadrid.es\/wp-content\/uploads\/2025\/12\/tarjetas_navidad-1.jpeg 226w, https:\/\/parroquiasaneloy.archimadrid.es\/wp-content\/uploads\/2025\/12\/tarjetas_navidad-1-212x300.jpeg 212w\" sizes=\"auto, (max-width: 226px) 100vw, 226px\" \/><\/figure><div class=\"wp-block-media-text__content\">\n<p><\/p>\n\n\n\n<p>Taller infantil de tarjetas navide\u00f1as y merienda!<\/p>\n\n\n\n<p>S\u00e1bado 13 de diciembre 17,30h<\/p>\n<\/div><\/div>\n<\/div>\n\n\n\n<div class=\"wp-block-column is-layout-flow wp-block-column-is-layout-flow\">\n<div class=\"wp-block-media-text is-stacked-on-mobile\" style=\"grid-template-columns:40% auto\"><figure class=\"wp-block-media-text__media\"><img loading=\"lazy\" decoding=\"async\" width=\"213\" height=\"300\" src=\"https:\/\/parroquiasaneloy.archimadrid.es\/wp-content\/uploads\/2025\/10\/ejespirituales.png\" alt=\"\" class=\"wp-image-999 size-full\"\/><\/figure><div class=\"wp-block-media-text__content\">\n<p><\/p>\n\n\n\n<p>Ejercicios Espirituales Ignacianos del 5 al 8 de diciembre.<\/p>\n\n\n\n<p>Casa de la Espiritualidad San Jos\u00e9 &#8211; Cabezuela de Valle-C\u00e1ceres<\/p>\n\n\n\n<p>Inscripci\u00f3n en despacho parroquial o escribir a parroquiasaneloymadrid@gmail.com \u00f3 cespiritualidadsj@hhjst.org<\/p>\n\n\n\n<p>Precio 180 euros<\/p>\n<\/div><\/div>\n<\/div>\n<\/div>\n\n\n\n<div class=\"wp-block-columns is-layout-flex wp-container-core-columns-is-layout-9d6595d7 wp-block-columns-is-layout-flex\">\n<div class=\"wp-block-column is-layout-flow wp-block-column-is-layout-flow\">\n<div class=\"wp-block-media-text is-stacked-on-mobile\" style=\"grid-template-columns:32% auto\"><figure class=\"wp-block-media-text__media\"><img loading=\"lazy\" decoding=\"async\" width=\"228\" height=\"320\" src=\"https:\/\/parroquiasaneloy.archimadrid.es\/wp-content\/uploads\/2025\/11\/torneos.jpg\" alt=\"\" class=\"wp-image-1044 size-full\" srcset=\"https:\/\/parroquiasaneloy.archimadrid.es\/wp-content\/uploads\/2025\/11\/torneos.jpg 228w, https:\/\/parroquiasaneloy.archimadrid.es\/wp-content\/uploads\/2025\/11\/torneos-214x300.jpg 214w\" sizes=\"auto, (max-width: 228px) 100vw, 228px\" \/><\/figure><div class=\"wp-block-media-text__content\">\n<p><\/p>\n\n\n\n<p>Torneo juegos de mesa en los locales de la parroquia San Eloy<\/p>\n\n\n\n<p>S\u00e1bado 15 de noviembre <\/p>\n<\/div><\/div>\n<\/div>\n\n\n\n<div class=\"wp-block-column is-layout-flow wp-block-column-is-layout-flow\">\n<div class=\"wp-block-media-text is-stacked-on-mobile\" style=\"grid-template-columns:38% auto\"><figure class=\"wp-block-media-text__media\"><img loading=\"lazy\" decoding=\"async\" width=\"226\" height=\"320\" src=\"https:\/\/parroquiasaneloy.archimadrid.es\/wp-content\/uploads\/2025\/10\/peregrinacion.jpg\" alt=\"\" class=\"wp-image-996 size-full\" srcset=\"https:\/\/parroquiasaneloy.archimadrid.es\/wp-content\/uploads\/2025\/10\/peregrinacion.jpg 226w, https:\/\/parroquiasaneloy.archimadrid.es\/wp-content\/uploads\/2025\/10\/peregrinacion-212x300.jpg 212w\" sizes=\"auto, (max-width: 226px) 100vw, 226px\" \/><\/figure><div class=\"wp-block-media-text__content\">\n<p><\/p>\n\n\n\n<p>Peregrinaci\u00f3n a la Catedral de la Almudena, de las parroquias pertenecientes al Arziprestazgo de San Rafael de Pe\u00f1agrande, d\u00eda 25 de octubre 11:20h<\/p>\n<\/div><\/div>\n<\/div>\n<\/div>\n\n\n\n<div class=\"wp-block-columns is-layout-flex wp-container-core-columns-is-layout-9d6595d7 wp-block-columns-is-layout-flex\">\n<div class=\"wp-block-column is-layout-flow wp-block-column-is-layout-flow\">\n<div class=\"wp-block-media-text is-stacked-on-mobile\" style=\"grid-template-columns:38% auto\"><figure class=\"wp-block-media-text__media\"><img loading=\"lazy\" decoding=\"async\" width=\"520\" height=\"640\" src=\"https:\/\/parroquiasaneloy.archimadrid.es\/wp-content\/uploads\/2025\/09\/misa_campo.jpeg\" alt=\"\" class=\"wp-image-901 size-full\" srcset=\"https:\/\/parroquiasaneloy.archimadrid.es\/wp-content\/uploads\/2025\/09\/misa_campo.jpeg 520w, https:\/\/parroquiasaneloy.archimadrid.es\/wp-content\/uploads\/2025\/09\/misa_campo-244x300.jpeg 244w\" sizes=\"auto, (max-width: 520px) 100vw, 520px\" \/><\/figure><div class=\"wp-block-media-text__content\">\n<p><\/p>\n\n\n\n<p>Convivencia de j\u00f3venes San Eloy. D\u00edas 24, 25 y 26 de octubre del 2025<\/p>\n\n\n\n<p>Para j\u00f3venes de 18 a 35 a\u00f1os<\/p>\n\n\n\n<p>En la Casa Santa Mar\u00eda del Molino (Paraje Miraflores s\/n, 40513 Ribota, Segovia)<\/p>\n<\/div><\/div>\n<\/div>\n\n\n\n<div class=\"wp-block-column is-layout-flow wp-block-column-is-layout-flow\">\n<div class=\"wp-block-media-text is-stacked-on-mobile\"><figure class=\"wp-block-media-text__media\"><img loading=\"lazy\" decoding=\"async\" width=\"1024\" height=\"800\" src=\"https:\/\/parroquiasaneloy.archimadrid.es\/wp-content\/uploads\/2025\/09\/effeta-1024x800.jpeg\" alt=\"\" class=\"wp-image-724 size-full\" srcset=\"https:\/\/parroquiasaneloy.archimadrid.es\/wp-content\/uploads\/2025\/09\/effeta-1024x800.jpeg 1024w, https:\/\/parroquiasaneloy.archimadrid.es\/wp-content\/uploads\/2025\/09\/effeta-300x234.jpeg 300w, https:\/\/parroquiasaneloy.archimadrid.es\/wp-content\/uploads\/2025\/09\/effeta-768x600.jpeg 768w, https:\/\/parroquiasaneloy.archimadrid.es\/wp-content\/uploads\/2025\/09\/effeta.jpeg 1179w\" sizes=\"auto, (max-width: 1024px) 100vw, 1024px\" \/><\/figure><div class=\"wp-block-media-text__content\">\n<p>Retiro de j\u00f3venes II Effet\u00e1 San Eloy viernes 19, 20 y 21 de septiembre de 2025. <\/p>\n<\/div><\/div>\n<\/div>\n<\/div>\n\n\n\n<div class=\"wp-block-columns is-layout-flex wp-container-core-columns-is-layout-9d6595d7 wp-block-columns-is-layout-flex\">\n<div class=\"wp-block-column is-layout-flow wp-block-column-is-layout-flow\"><\/div>\n\n\n\n<div class=\"wp-block-column is-layout-flow wp-block-column-is-layout-flow\"><\/div>\n<\/div>\n\n\n\n<div class=\"wp-block-columns is-layout-flex wp-container-core-columns-is-layout-9d6595d7 wp-block-columns-is-layout-flex\">\n<div class=\"wp-block-column is-layout-flow wp-block-column-is-layout-flow\"><\/div>\n\n\n\n<div class=\"wp-block-column is-layout-flow wp-block-column-is-layout-flow\"><\/div>\n<\/div>\n\n\n\n<p><\/p>\n","protected":false},"excerpt":{"rendered":"<p>Convivencia de j\u00f3venes San Eloy. D\u00edas 1, 2 y 3 de mayo del 2026 Para j\u00f3venes de 18 a 35 a\u00f1os En la Casa Santa Mar\u00eda del Molino (Paraje Miraflores s\/n, 40513 Ribota, Segovia) Ya se acerca la feria de abril!!, ven con nosotros a disfrutar de un buen aperitivo a precios populares. El domingo&hellip;&nbsp;<\/p>\n","protected":false},"author":2,"featured_media":0,"parent":0,"menu_order":0,"comment_status":"closed","ping_status":"closed","template":"","meta":{"neve_meta_sidebar":"","neve_meta_container":"","neve_meta_enable_content_width":"","neve_meta_content_width":0,"neve_meta_title_alignment":"","neve_meta_author_avatar":"","neve_post_elements_order":"","neve_meta_disable_header":"","neve_meta_disable_footer":"","neve_meta_disable_title":"","_themeisle_gutenberg_block_has_review":false,"footnotes":""},"class_list":["post-529","page","type-page","status-publish","hentry"],"_links":{"self":[{"href":"https:\/\/parroquiasaneloy.archimadrid.es\/index.php?rest_route=\/wp\/v2\/pages\/529","targetHints":{"allow":["GET"]}}],"collection":[{"href":"https:\/\/parroquiasaneloy.archimadrid.es\/index.php?rest_route=\/wp\/v2\/pages"}],"about":[{"href":"https:\/\/parroquiasaneloy.archimadrid.es\/index.php?rest_route=\/wp\/v2\/types\/page"}],"author":[{"embeddable":true,"href":"https:\/\/parroquiasaneloy.archimadrid.es\/index.php?rest_route=\/wp\/v2\/users\/2"}],"replies":[{"embeddable":true,"href":"https:\/\/parroquiasaneloy.archimadrid.es\/index.php?rest_route=%2Fwp%2Fv2%2Fcomments&post=529"}],"version-history":[{"count":47,"href":"https:\/\/parroquiasaneloy.archimadrid.es\/index.php?rest_route=\/wp\/v2\/pages\/529\/revisions"}],"predecessor-version":[{"id":1264,"href":"https:\/\/parroquiasaneloy.archimadrid.es\/index.php?rest_route=\/wp\/v2\/pages\/529\/revisions\/1264"}],"wp:attachment":[{"href":"https:\/\/parroquiasaneloy.archimadrid.es\/index.php?rest_route=%2Fwp%2Fv2%2Fmedia&parent=529"}],"curies":[{"name":"wp","href":"https:\/\/api.w.org\/{rel}","templated":true}]}}